{"id":276,"date":"2015-03-12T21:21:43","date_gmt":"2015-03-12T20:21:43","guid":{"rendered":"http:\/\/wordpress.archigraphic.de\/en\/?page_id=276"},"modified":"2019-03-23T03:10:18","modified_gmt":"2019-03-23T02:10:18","slug":"autodesk-bim-conference-2011-2","status":"publish","type":"page","link":"http:\/\/wordpress.archigraphic.de\/en\/autodesk-bim-conference-2011-2\/","title":{"rendered":"06th Autodesk BIM Conference 2011"},"content":{"rendered":"<p>[symple_column size=&#8221;three-fourth&#8221; position=&#8221;first&#8221; fade_in=&#8221;false&#8221;]<\/p>\n<p><strong>Title<\/strong> <span class=\"Archigraphic-01\">Autodesk BIM Conference <\/span>Munich<br \/>\n<strong>Subject<\/strong> Inform &#8211; Discuss &#8211; Being Part of It<br \/>\n<strong>Date | Host<\/strong> 13th September 2011 | Autodesk Inc.<br \/>\n<strong>Venue<\/strong> Eisbach Studios | Munich | Germany<\/p>\n<p>[symple_divider style=&#8221;solid&#8221; margin_top=&#8221;20&#8243; margin_bottom=&#8221;20&#8243;]<\/p>\n<p style=\"text-align: justify;\">&#8220;Auch die diesj\u00e4hrige Autodesk BIM Conference stie\u00df bei den rund 300 Besuchern wieder auf hervorragende Resonanz. Architekten, Generalplaner, Ingenieure, Geb\u00e4udetechniker, Statiker, Bauunternehmer und Immobilienbetreiber informierten sich in Podiumsdiskussionen, Anwenderberichten und Break-out Sessions \u00fcber das Thema Building Information Modeling (BIM).&#8221;<\/p>\n<p><strong>Auf dem Weg zum BIM<\/strong><br \/>\nHPP Service GmbH<\/p>\n<p><strong>BIM Infrastrukturplanung<\/strong><br \/>\nR. Schildw\u00e4chter | Gesch\u00e4ftsf\u00fchrer Schildw\u00e4chter Ingenieure und F. Markus | Gesch\u00e4ftsf\u00fchrer IM Mensch und Maschine<\/p>\n<p><strong>BIM in der Tragwerksplanung<\/strong><br \/>\nBoll und Partner<\/p>\n<p><strong>Mit BIM in die Digital City<\/strong><br \/>\nB. Hagedornm M.Sc. | Computer Graphics Systems | Hasso-Plattner-Institut | Universit\u00e4t Potzdam<\/p>\n<p><strong>BIM Facetten am Beispiel internationaler Architektur-Projekte<\/strong><br \/>\nE. Kliewer M.A. (Arch) | RMA Reichard Maas Assoziierte Architekten GmbH &amp; Co. KG<\/p>\n<p><strong>Source<\/strong> Autodesk Inc. | Online-Publication | www.autodesk.de\/bimconference | Status: 01st December 2011<\/p>\n<p>[\/symple_column]<\/p>\n<p>[symple_column size=&#8221;one-fourth&#8221; position=&#8221;last&#8221; fade_in=&#8221;false&#8221;]<br \/>\n<img loading=\"lazy\" decoding=\"async\" src=\"http:\/\/wordpress.archigraphic.de\/wp-content\/uploads\/2015\/02\/Autodesk-BIM-Conference-2011.jpg\" alt=\"Autodesk BIM Konferenz 2011\" width=\"255\" height=\"361\"><br \/>\n[\/symple_column]<\/p>\n","protected":false},"excerpt":{"rendered":"<p>[symple_column size=&#8221;three-fourth&#8221; position=&#8221;first&#8221; fade_in=&#8221;false&#8221;] Title Autodesk BIM Conference Munich Subject Inform &#8211; Discuss &#8211; Being Part of It Date | Host 13th September 2011 | Autodesk Inc. Venue Eisbach Studios | Munich | Germany [symple_divider style=&#8221;solid&#8221; margin_top=&#8221;20&#8243; margin_bottom=&#8221;20&#8243;] &#8220;Auch die diesj\u00e4hrige Autodesk BIM Conference stie\u00df bei den rund 300 Besuchern wieder auf hervorragende Resonanz. Architekten, [&hellip;]<\/p>\n","protected":false},"author":1,"featured_media":0,"parent":0,"menu_order":0,"comment_status":"open","ping_status":"open","template":"templates\/portfolio.php","meta":{"_s2mail":"yes","footnotes":""},"class_list":["post-276","page","type-page","status-publish","hentry","page-entry","loop-entry","clr"],"_links":{"self":[{"href":"http:\/\/wordpress.archigraphic.de\/en\/wp-json\/wp\/v2\/pages\/276","targetHints":{"allow":["GET"]}}],"collection":[{"href":"http:\/\/wordpress.archigraphic.de\/en\/wp-json\/wp\/v2\/pages"}],"about":[{"href":"http:\/\/wordpress.archigraphic.de\/en\/wp-json\/wp\/v2\/types\/page"}],"author":[{"embeddable":true,"href":"http:\/\/wordpress.archigraphic.de\/en\/wp-json\/wp\/v2\/users\/1"}],"replies":[{"embeddable":true,"href":"http:\/\/wordpress.archigraphic.de\/en\/wp-json\/wp\/v2\/comments?post=276"}],"version-history":[{"count":5,"href":"http:\/\/wordpress.archigraphic.de\/en\/wp-json\/wp\/v2\/pages\/276\/revisions"}],"predecessor-version":[{"id":1201,"href":"http:\/\/wordpress.archigraphic.de\/en\/wp-json\/wp\/v2\/pages\/276\/revisions\/1201"}],"wp:attachment":[{"href":"http:\/\/wordpress.archigraphic.de\/en\/wp-json\/wp\/v2\/media?parent=276"}],"curies":[{"name":"wp","href":"https:\/\/api.w.org\/{rel}","templated":true}]}}